{"id":33073,"date":"2023-09-13T14:58:49","date_gmt":"2023-09-13T12:58:49","guid":{"rendered":"https:\/\/www.artdanslacite.eu\/?page_id=33073"},"modified":"2023-09-13T15:00:50","modified_gmt":"2023-09-13T13:00:50","slug":"politique-de-confidentialite","status":"publish","type":"page","link":"https:\/\/www.artdanslacite.eu\/fr\/politique-de-confidentialite\/","title":{"rendered":"Politique de confidentialit\u00e9"},"content":{"rendered":"<section class=\"wpb-content-wrapper\"><p>[vc_row][vc_column][vc_column_text]<\/p>\n<div><\/div>\n<div><\/div>\n<div><strong>Ce site web est le site officiel de Art dans la cit\u00e9.<\/strong><\/div>\n<div><\/div>\n<div>Rachel Even, d\u00e9l\u00e9gu\u00e9e g\u00e9n\u00e9rale et directrice artistique<\/div>\n<div>Olivier Galaverna, directeur scientifique<\/div>\n<div><\/div>\n<div><\/div>\n<div><strong>R\u00c9ALISATION DU SITE<\/strong><\/div>\n<div>Le design et le d\u00e9veloppement du site internet ont \u00e9t\u00e9 r\u00e9alis\u00e9s par :<\/div>\n<div>AUBAY &#8211; Marc FERT<\/div>\n<div>Si\u00e8ge social : 6 rue Louis Pasteur BOULOGNE<\/div>\n<div><\/div>\n<div><\/div>\n<div>L&rsquo;h\u00e9bergement du site est assur\u00e9 par :<\/div>\n<div>OVH<\/div>\n<div>SAS au capital de 10 069 020 \u20ac<\/div>\n<div>RCS Lille M\u00e9tropole 424 761 419 00045<\/div>\n<div>Code APE 2620Z<\/div>\n<div>N\u00b0 TVA : FR 22 424 761 419<\/div>\n<div>Si\u00e8ge social : 2 rue Kellermann &#8211; 59100 Roubaix &#8211; France.<\/div>\n<div><\/div>\n<div><\/div>\n<div><\/div>\n<div><strong>LOI \u00ab INFORMATIQUE ET LIBERT\u00c9S \u00bb N\u00b078-17 DU 6 JANVIER 1978 MODIFI\u00c9E ET R\u00c9GLEMENT G\u00c9N\u00c9RAL SUR LA PROTECTION DES DONN\u00c9ES N\u00b0UE\/2016\/679 DU 27 AVRIL 2016<\/strong><\/div>\n<div>Les informations fournies restent confidentielles et ne seront utilis\u00e9es que par nos centres locaux ou par les associations partenaires de Art dans la cit\u00e9 dans le cadre de demandes de b\u00e9n\u00e9volat.<\/div>\n<div><\/div>\n<div><strong>G\u00e9rer mes pr\u00e9f\u00e9rences en mati\u00e8re de cookies<\/strong><\/div>\n<div><\/div>\n<div>Conform\u00e9ment \u00e0 la loi fran\u00e7aise \u00ab Informatique et Libert\u00e9s \u00bb n\u00b078-17 du 6 janvier 1978 modifi\u00e9e et au R\u00e9glement G\u00e9n\u00e9ral sur la Protection des Donn\u00e9es n\u00b0UE\/2016\/679 du 27 avril 2016, vous pouvez demander \u00e0 acc\u00e9der aux informations qui vous concernent, pour les faire rectifier, modifier, ou supprimer, pour vous opposer \u00e0 leur traitement par Art dans la cit\u00e9 ou pour demander leur portabilit\u00e9, en \u00e9crivant au d\u00e9l\u00e9gu\u00e9 \u00e0 la protection des donn\u00e9es \u00e0 l&rsquo;adresse suivante : dataprotection@francebenevolat.org. Vous pouvez \u00e9galement \u00e9crire \u00e0 cette adresse pour d\u00e9finir les conditions d&rsquo;utilisation, de conservation et de communication de vos donn\u00e9es \u00e0 caract\u00e8re personnel en cas de d\u00e9c\u00e8s. Vous pouvez aussi introduire une r\u00e9clamation aupr\u00e8s de la Commission Nationale Informatique et Libert\u00e9s.<\/div>\n<div><\/div>\n<div><\/div>\n<div><strong>NAVIGATION DEPUIS UN SITE DU TYPE artdanslacite.eu<\/strong><\/div>\n<div>Les mini-sites Art dans la cit\u00e9 sont anim\u00e9s par un administrateur local, dont les coordonn\u00e9es sont indiqu\u00e9es sur chacune des pages locales.<\/div>\n<div><\/div>\n<div>Le si\u00e8ge national de Art dans la cit\u00e9 est l&rsquo;h\u00e9bergeur de l&rsquo;ensemble des mini-sites et \u00e0 ce titre ne saurait \u00eatre tenu pour responsable de leurs contenus et \u00e9ventuels commentaires.<\/div>\n<div><\/div>\n<div><\/div>\n<div><\/div>\n<div><strong>DROITS D&rsquo;AUTEURS ET COPYRIGHT<\/strong><\/div>\n<div>L&rsquo;ensemble de ce site rel\u00e8ve de la l\u00e9gislation fran\u00e7aise et internationale sur le droit d&rsquo;auteur et la propri\u00e9t\u00e9 intellectuelle. Tous les droits de reproduction sont r\u00e9serv\u00e9s pour les documents ou information (y compris les documents t\u00e9l\u00e9chargeables, les repr\u00e9sentations iconographiques, photographiques) hormis les outils publicitaires ou de communication explicitement autoris\u00e9s pour libre utilisation dans le cadre des missions et des valeurs \u00e0 Art dans la cit\u00e9.<\/div>\n<div><\/div>\n<div>La reproduction de tout ou partie de ce site sur un support \u00e9lectronique quel qu&rsquo;il soit est formellement interdite sauf autorisation expresse du responsable du site Art dans la cit\u00e9.<\/div>\n<div><\/div>\n<div><\/div>\n<div><\/div>\n<div><strong>CR\u00c9DITS<\/strong><\/div>\n<div><\/div>\n<div><\/div>\n<div>Photos : Art dans la cit\u00e9<\/div>\n<div><\/div>\n<p>[\/vc_column_text][\/vc_column][\/vc_row]<\/p>\n<\/section>","protected":false},"excerpt":{"rendered":"<p>[vc_row][vc_column][vc_column_text] Ce site web est le site officiel de Art dans la cit\u00e9. Rachel Even, d\u00e9l\u00e9gu\u00e9e g\u00e9n\u00e9rale et directrice artistique Olivier Galaverna, directeur scientifique R\u00c9ALISATION DU SITE Le design et le d\u00e9veloppement du site internet ont \u00e9t\u00e9 r\u00e9alis\u00e9s par :<span class=\"excerpt-hellip\"> [\u2026]<\/span><\/p>\n","protected":false},"author":10,"featured_media":0,"parent":0,"menu_order":0,"comment_status":"closed","ping_status":"closed","template":"","meta":{"footnotes":""},"class_list":["post-33073","page","type-page","status-publish","hentry"],"_links":{"self":[{"href":"https:\/\/www.artdanslacite.eu\/fr\/wp-json\/wp\/v2\/pages\/33073","targetHints":{"allow":["GET"]}}],"collection":[{"href":"https:\/\/www.artdanslacite.eu\/fr\/wp-json\/wp\/v2\/pages"}],"about":[{"href":"https:\/\/www.artdanslacite.eu\/fr\/wp-json\/wp\/v2\/types\/page"}],"author":[{"embeddable":true,"href":"https:\/\/www.artdanslacite.eu\/fr\/wp-json\/wp\/v2\/users\/10"}],"replies":[{"embeddable":true,"href":"https:\/\/www.artdanslacite.eu\/fr\/wp-json\/wp\/v2\/comments?post=33073"}],"version-history":[{"count":2,"href":"https:\/\/www.artdanslacite.eu\/fr\/wp-json\/wp\/v2\/pages\/33073\/revisions"}],"predecessor-version":[{"id":33075,"href":"https:\/\/www.artdanslacite.eu\/fr\/wp-json\/wp\/v2\/pages\/33073\/revisions\/33075"}],"wp:attachment":[{"href":"https:\/\/www.artdanslacite.eu\/fr\/wp-json\/wp\/v2\/media?parent=33073"}],"curies":[{"name":"wp","href":"https:\/\/api.w.org\/{rel}","templated":true}]}}