{"id":32841,"date":"2023-09-11T11:17:16","date_gmt":"2023-09-11T09:17:16","guid":{"rendered":"https:\/\/www.artdanslacite.eu\/?page_id=32841"},"modified":"2023-09-27T17:30:36","modified_gmt":"2023-09-27T15:30:36","slug":"adherer-a-art-dans-la-cite","status":"publish","type":"page","link":"https:\/\/www.artdanslacite.eu\/fr\/adherer-a-art-dans-la-cite\/","title":{"rendered":"Adh\u00e9rez \u00e0\u2028Art dans la cit\u00e9"},"content":{"rendered":"<section class=\"wpb-content-wrapper\"><p>[vc_row][vc_column][vc_row_inner content_placement=\u00a0\u00bbmiddle\u00a0\u00bb css=\u00a0\u00bb.vc_custom_1694183996062{background-image: url(https:\/\/www.artdanslacite.eu\/wp-content\/uploads\/2023\/09\/illustrationtrameDemi.jpg?id=32813) !important;background-position: center !important;background-repeat: no-repeat !important;background-size: contain !important;}\u00a0\u00bb][vc_column_inner width=\u00a0\u00bb1\/2&Prime;][vc_custom_heading text=\u00a0\u00bbFaites partie de notre univers, partagez nos valeurs, adh\u00e9rez \u00e0 notre philosophie !\u00a0\u00bb font_container=\u00a0\u00bbtag:h2|font_size:44|text_align:left|color:%23ce1f6f|line_height:1.5&Prime; google_fonts=\u00a0\u00bbfont_family:Josefin%20Slab%3A100%2C100italic%2C300%2C300italic%2Cregular%2Citalic%2C600%2C600italic%2C700%2C700italic|font_style:700%20bold%20regular%3A700%3Anormal\u00a0\u00bb][vc_single_image image=\u00a0\u00bb32406&Prime; img_size=\u00a0\u00bb\u00a0\u00bb][vc_column_text css=\u00a0\u00bb.vc_custom_1694445765978{padding-right: 50px !important;}\u00a0\u00bb]<\/p>\n<p style=\"font-size: 18px; line-height: 38px; text-align: left;\">En devenant membre d\u2019Art dans la Cit\u00e9 (\u00e0 partir de 50 \u20ac), vous soutenez activement des projets ambitieux et solidaires qui inscrivent la cr\u00e9ation contemporaine dans l\u2019espace de l\u2019h\u00f4pital et participent \u00e0 l\u2019am\u00e9lioration des conditions d\u2019accueil et de s\u00e9jour des usagers.<\/p>\n<p>[\/vc_column_text][\/vc_column_inner][vc_column_inner width=\u00a0\u00bb1\/4&Prime;][vc_custom_heading text=\u00a0\u00bbInvitations aux conf\u00e9rences d\u00e9bats organis\u00e9s par ADLC\u00a0\u00bb font_container=\u00a0\u00bbtag:h4|text_align:center|color:%23ffffff\u00a0\u00bb google_fonts=\u00a0\u00bbfont_family:Josefin%20Slab%3A100%2C100italic%2C300%2C300italic%2Cregular%2Citalic%2C600%2C600italic%2C700%2C700italic|font_style:600%20bold%20regular%3A600%3Anormal\u00a0\u00bb css=\u00a0\u00bb.vc_custom_1695302113019{margin-right: 30px !important;margin-left: 30px !important;padding-top: 110px !important;padding-right: 30px !important;padding-bottom: 110px !important;padding-left: 30px !important;background-image: url(https:\/\/www.artdanslacite.eu\/wp-content\/uploads\/2023\/09\/Ellipse-18.png?id=32609) !important;background-position: center !important;background-repeat: no-repeat !important;background-size: contain !important;}\u00a0\u00bb][vc_custom_heading text=\u00a0\u00bbRencontres avec les artistes,\u00a0\u00bb font_container=\u00a0\u00bbtag:h4|font_size:24|text_align:center|color:%23ffffff|line_height:1&Prime; google_fonts=\u00a0\u00bbfont_family:Josefin%20Slab%3A100%2C100italic%2C300%2C300italic%2Cregular%2Citalic%2C600%2C600italic%2C700%2C700italic|font_style:700%20bold%20regular%3A700%3Anormal\u00a0\u00bb css=\u00a0\u00bb.vc_custom_1694424188157{margin-right: -50px !important;padding-top: 100px !important;padding-right: 50px !important;padding-bottom: 100px !important;padding-left: 50px !important;background-image: url(https:\/\/www.artdanslacite.eu\/wp-content\/uploads\/2023\/09\/Ellipse-18.png?id=32609) !important;background-position: center !important;background-repeat: no-repeat !important;background-size: contain !important;}\u00a0\u00bb][vc_custom_heading text=\u00a0\u00bbVous recevrez l\u2019\u00e9dition annuelle d\u2019ADLC d\u00e9di\u00e9e aux arts visuels \u00e0 l\u2019h\u00f4pital.\u00a0\u00bb font_container=\u00a0\u00bbtag:h4|font_size:30|text_align:center|color:%23ffffff|line_height:1&Prime; google_fonts=\u00a0\u00bbfont_family:Josefin%20Slab%3A100%2C100italic%2C300%2C300italic%2Cregular%2Citalic%2C600%2C600italic%2C700%2C700italic|font_style:700%20bold%20regular%3A700%3Anormal\u00a0\u00bb css=\u00a0\u00bb.vc_custom_1694424443234{padding-top: 100px !important;padding-right: 40px !important;padding-bottom: 70px !important;padding-left: 40px !important;background-image: url(https:\/\/www.artdanslacite.eu\/wp-content\/uploads\/2023\/09\/Ellipse-15-24.png?id=32598) !important;background-position: center !important;background-repeat: no-repeat !important;background-size: contain !important;}\u00a0\u00bb][\/vc_column_inner][vc_column_inner width=\u00a0\u00bb1\/4&Prime;][vc_custom_heading text=\u00a0\u00bbInformations r\u00e9guli\u00e8res sur l\u2019actualit\u00e9 des arts visuels \u00e0 l\u2019h\u00f4pital, newsletter\u2026\u00a0\u00bb font_container=\u00a0\u00bbtag:h4|font_size:28|text_align:center|color:%23ffffff|line_height:1&Prime; google_fonts=\u00a0\u00bbfont_family:Josefin%20Slab%3A100%2C100italic%2C300%2C300italic%2Cregular%2Citalic%2C600%2C600italic%2C700%2C700italic|font_style:700%20bold%20regular%3A700%3Anormal\u00a0\u00bb css=\u00a0\u00bb.vc_custom_1694445731722{margin-left: -130px !important;padding-top: 90px !important;padding-right: 90px !important;padding-bottom: 80px !important;padding-left: 90px !important;background-image: url(https:\/\/www.artdanslacite.eu\/wp-content\/uploads\/2023\/09\/Ellipse-15-24.png?id=32598) !important;background-position: center !important;background-repeat: no-repeat !important;background-size: contain !important;}\u00a0\u00bb][vc_custom_heading text=\u00a0\u00bbInvitations aux inaugurations des \u0153uvres cr\u00e9\u00e9es \u00e0 l\u2019h\u00f4pital,\u00a0\u00bb font_container=\u00a0\u00bbtag:h4|font_size:30|text_align:center|color:%23ffffff|line_height:1&Prime; google_fonts=\u00a0\u00bbfont_family:Josefin%20Slab%3A100%2C100italic%2C300%2C300italic%2Cregular%2Citalic%2C600%2C600italic%2C700%2C700italic|font_style:700%20bold%20regular%3A700%3Anormal\u00a0\u00bb css=\u00a0\u00bb.vc_custom_1695302139149{margin-left: -100px !important;padding-top: 100px !important;padding-right: 60px !important;padding-bottom: 100px !important;padding-left: 60px !important;background-image: url(https:\/\/www.artdanslacite.eu\/wp-content\/uploads\/2023\/09\/Ellipse-18-1.png?id=32805) !important;background-position: center !important;background-repeat: no-repeat !important;background-size: contain !important;}\u00a0\u00bb][\/vc_column_inner][\/vc_row_inner][\/vc_column][\/vc_row][vc_row full_width=\u00a0\u00bbstretch_row\u00a0\u00bb content_placement=\u00a0\u00bbmiddle\u00a0\u00bb css=\u00a0\u00bb.vc_custom_1695136149347{background-image: url(https:\/\/www.artdanslacite.eu\/wp-content\/uploads\/2023\/09\/faites-un-don-en-ligne.jpg?id=33181) !important;background-position: center !important;background-repeat: no-repeat !important;background-size: cover !important;}\u00a0\u00bb][vc_column width=\u00a0\u00bb2\/3&Prime;][vc_custom_heading text=\u00a0\u00bbAdh\u00e9rez en ligne\u00a0\u00bb font_container=\u00a0\u00bbtag:h2|font_size:54|text_align:left|color:%23ffffff|line_height:1&Prime; google_fonts=\u00a0\u00bbfont_family:Josefin%20Slab%3A100%2C100italic%2C300%2C300italic%2Cregular%2Citalic%2C600%2C600italic%2C700%2C700italic|font_style:700%20bold%20regular%3A700%3Anormal\u00a0\u00bb][vc_single_image image=\u00a0\u00bb32416&Prime; img_size=\u00a0\u00bbmedium\u00a0\u00bb css=\u00a0\u00bb.vc_custom_1695302223285{margin-top: 20px !important;}\u00a0\u00bb][vc_custom_heading text=\u00a0\u00bbpour soutenir\u00a0\u00bb font_container=\u00a0\u00bbtag:h2|font_size:42|text_align:right|color:%23ffffff\u00a0\u00bb google_fonts=\u00a0\u00bbfont_family:Josefin%20Slab%3A100%2C100italic%2C300%2C300italic%2Cregular%2Citalic%2C600%2C600italic%2C700%2C700italic|font_style:600%20bold%20regular%3A600%3Anormal\u00a0\u00bb css=\u00a0\u00bb.vc_custom_1695646577148{margin-bottom: 40px !important;}\u00a0\u00bb][vc_custom_heading text=\u00a0\u00bbArt dans la cit\u00e9\u00a0\u00bb font_container=\u00a0\u00bbtag:h2|font_size:42|text_align:right|color:%23ffffff\u00a0\u00bb google_fonts=\u00a0\u00bbfont_family:Josefin%20Slab%3A100%2C100italic%2C300%2C300italic%2Cregular%2Citalic%2C600%2C600italic%2C700%2C700italic|font_style:600%20bold%20regular%3A600%3Anormal\u00a0\u00bb][\/vc_column][vc_column width=\u00a0\u00bb1\/3&Prime;][vc_btn title=\u00a0\u00bbJ&rsquo;adh\u00e8re en ligne\u00a0\u00bb style=\u00a0\u00bboutline-custom\u00a0\u00bb outline_custom_color=\u00a0\u00bb#ffffff\u00a0\u00bb outline_custom_hover_background=\u00a0\u00bb#ce1f6f\u00a0\u00bb outline_custom_hover_text=\u00a0\u00bb#ffffff\u00a0\u00bb shape=\u00a0\u00bbround\u00a0\u00bb size=\u00a0\u00bblg\u00a0\u00bb align=\u00a0\u00bbcenter\u00a0\u00bb button_block=\u00a0\u00bbtrue\u00a0\u00bb link=\u00a0\u00bburl:https%3A%2F%2Fwww.helloasso.com%2Fassociations%2Fart-dans-la-cite%2Fformulaires%2F1&Prime;][\/vc_column][\/vc_row][vc_row equal_height=\u00a0\u00bbyes\u00a0\u00bb content_placement=\u00a0\u00bbtop\u00a0\u00bb css=\u00a0\u00bb.vc_custom_1694508904668{margin-top: 100px !important;background-position: 0 0 !important;background-repeat: no-repeat !important;}\u00a0\u00bb][vc_column width=\u00a0\u00bb1\/4&Prime;][vc_single_image image=\u00a0\u00bb33190&Prime; img_size=\u00a0\u00bb\u00a0\u00bb][vc_column_text css=\u00a0\u00bb.vc_custom_1694423138147{padding-right: 20px !important;padding-left: 20px !important;}\u00a0\u00bb]Depuis 1999, elle a \u0153uvr\u00e9 pour le b\u00e9n\u00e9fice d\u2019une centaine d\u2019h\u00f4pitaux dans le monde entier touchant ainsi des milliers de patients et leur famille.[\/vc_column_text][\/vc_column][vc_column width=\u00a0\u00bb1\/4&Prime;][vc_column_text css=\u00a0\u00bb.vc_custom_1694423517768{margin-top: 10px !important;padding-right: 20px !important;padding-left: 20px !important;}\u00a0\u00bb]Art dans la Cit\u00e9 introduit l\u2019art contemporain dans tous les espaces de l\u2019h\u00f4pital pour am\u00e9liorer le s\u00e9jour et le cadre de vie des patients et des personnels, dans une approche originale et innovante.[\/vc_column_text][vc_single_image image=\u00a0\u00bb33188&Prime; img_size=\u00a0\u00bb\u00a0\u00bb][\/vc_column][vc_column width=\u00a0\u00bb1\/2&Prime; css=\u00a0\u00bb.vc_custom_1694508882061{margin-left: 30px !important;background-image: url(https:\/\/www.artdanslacite.eu\/wp-content\/uploads\/2023\/09\/illustrationtrameDemi.jpg?id=32813) !important;background-position: center !important;background-repeat: no-repeat !important;background-size: contain !important;}\u00a0\u00bb][vc_custom_heading text=\u00a0\u00bbAdh\u00e9sion par courrier postal\u00a0\u00bb font_container=\u00a0\u00bbtag:h3|font_size:42|text_align:left|color:%23666666|line_height:1&Prime; google_fonts=\u00a0\u00bbfont_family:Josefin%20Slab%3A100%2C100italic%2C300%2C300italic%2Cregular%2Citalic%2C600%2C600italic%2C700%2C700italic|font_style:700%20bold%20regular%3A700%3Anormal\u00a0\u00bb][vc_btn title=\u00a0\u00bbT\u00e9l\u00e9chargez le formulaire\u00a0\u00bb style=\u00a0\u00bbcustom\u00a0\u00bb custom_background=\u00a0\u00bb#ce1f6f\u00a0\u00bb custom_text=\u00a0\u00bb#ffffff\u00a0\u00bb shape=\u00a0\u00bbround\u00a0\u00bb size=\u00a0\u00bblg\u00a0\u00bb align=\u00a0\u00bbleft\u00a0\u00bb css=\u00a0\u00bb.vc_custom_1695203887309{margin-top: 50px !important;margin-bottom: 50px !important;}\u00a0\u00bb link=\u00a0\u00bburl:https%3A%2F%2Fwww.artdanslacite.eu%2Fwp-content%2Fuploads%2F2023%2F09%2FBulletin-dadhesion-FR.pdf|target:_blank\u00a0\u00bb][vc_column_text css=\u00a0\u00bb.vc_custom_1694424601332{padding-right: 20px !important;}\u00a0\u00bb]<\/p>\n<div class=\"wpb_text_column wpb_content_element \">\n<div class=\"wpb_wrapper\">\n<p class=\"accroche\">Adressez votre ch\u00e8que \u00e0 l\u2019ordre d\u2019Art dans la Cit\u00e9 avec votre bulletin compl\u00e9t\u00e9 \u00e0 :<\/p>\n<\/div>\n<\/div>\n<p>[\/vc_column_text][vc_column_text]<\/p>\n<p style=\"text-align: left;color:#666666;\"><strong>Art dans la Cit\u00e9<\/strong><br \/>\n<strong>GH Piti\u00e9 Salp\u00eatri\u00e8re<\/strong><br \/>\n<strong>D\u00e9partement d\u2019Anesth\u00e9sie<\/strong><br \/>\n<strong>47-83 Boulevard de l\u2019h\u00f4pital<\/strong><br \/>\n<strong>Paris 75013<\/strong>[\/vc_column_text][\/vc_column][\/vc_row][vc_row][vc_column][\/vc_column][\/vc_row]<\/p>\n<\/section>","protected":false},"excerpt":{"rendered":"<p>[vc_row][vc_column][vc_row_inner content_placement=\u00a0\u00bbmiddle\u00a0\u00bb css=\u00a0\u00bb.vc_custom_1694183996062{background-image: url(https:\/\/www.artdanslacite.eu\/wp-content\/uploads\/2023\/09\/illustrationtrameDemi.jpg?id=32813) !important;background-position: center !important;background-repeat: no-repeat !important;background-size: contain !important;}\u00a0\u00bb][vc_column_inner width=\u00a0\u00bb1\/2&Prime;][vc_custom_heading text=\u00a0\u00bbFaites partie de notre univers, partagez nos valeurs, adh\u00e9rez \u00e0 notre philosophie !\u00a0\u00bb font_container=\u00a0\u00bbtag:h2|font_size:44|text_align:left|color:%23ce1f6f|line_height:1.5&Prime; google_fonts=\u00a0\u00bbfont_family:Josefin%20Slab%3A100%2C100italic%2C300%2C300italic%2Cregular%2Citalic%2C600%2C600italic%2C700%2C700italic|font_style:700%20bold%20regular%3A700%3Anormal\u00a0\u00bb][vc_single_image image=\u00a0\u00bb32406&Prime; img_size=\u00a0\u00bb\u00a0\u00bb][vc_column_text css=\u00a0\u00bb.vc_custom_1694445765978{padding-right: 50px !important;}\u00a0\u00bb] En devenant membre d\u2019Art dans la Cit\u00e9 (\u00e0<span class=\"excerpt-hellip\"> [\u2026]<\/span><\/p>\n","protected":false},"author":10,"featured_media":0,"parent":0,"menu_order":0,"comment_status":"closed","ping_status":"closed","template":"","meta":{"footnotes":""},"class_list":["post-32841","page","type-page","status-publish","hentry"],"_links":{"self":[{"href":"https:\/\/www.artdanslacite.eu\/fr\/wp-json\/wp\/v2\/pages\/32841","targetHints":{"allow":["GET"]}}],"collection":[{"href":"https:\/\/www.artdanslacite.eu\/fr\/wp-json\/wp\/v2\/pages"}],"about":[{"href":"https:\/\/www.artdanslacite.eu\/fr\/wp-json\/wp\/v2\/types\/page"}],"author":[{"embeddable":true,"href":"https:\/\/www.artdanslacite.eu\/fr\/wp-json\/wp\/v2\/users\/10"}],"replies":[{"embeddable":true,"href":"https:\/\/www.artdanslacite.eu\/fr\/wp-json\/wp\/v2\/comments?post=32841"}],"version-history":[{"count":3,"href":"https:\/\/www.artdanslacite.eu\/fr\/wp-json\/wp\/v2\/pages\/32841\/revisions"}],"predecessor-version":[{"id":33328,"href":"https:\/\/www.artdanslacite.eu\/fr\/wp-json\/wp\/v2\/pages\/32841\/revisions\/33328"}],"wp:attachment":[{"href":"https:\/\/www.artdanslacite.eu\/fr\/wp-json\/wp\/v2\/media?parent=32841"}],"curies":[{"name":"wp","href":"https:\/\/api.w.org\/{rel}","templated":true}]}}