{"id":32395,"date":"2023-09-04T15:30:39","date_gmt":"2023-09-04T13:30:39","guid":{"rendered":"https:\/\/www.artdanslacite.eu\/?page_id=32395"},"modified":"2025-12-08T15:36:54","modified_gmt":"2025-12-08T14:36:54","slug":"accueil-2","status":"publish","type":"page","link":"https:\/\/www.artdanslacite.eu\/fr\/","title":{"rendered":"Accueil"},"content":{"rendered":"<section class=\"wpb-content-wrapper\"><p>[vc_row full_width=\u00a0\u00bbstretch_row_content\u00a0\u00bb][vc_column][vc_row_inner content_placement=\u00a0\u00bbmiddle\u00a0\u00bb css=\u00a0\u00bb.vc_custom_1695298046379{background-image: url(https:\/\/www.artdanslacite.eu\/wp-content\/uploads\/2023\/09\/Page-accueil_Psentation_ADLC_.jpg?id=33102) !important;background-position: 0 0 !important;background-repeat: no-repeat !important;}\u00a0\u00bb][vc_column_inner width=\u00a0\u00bb1\/12&Prime;][\/vc_column_inner][vc_column_inner width=\u00a0\u00bb1\/2&Prime; offset=\u00a0\u00bbvc_col-xs-4\/5&Prime;][vc_custom_heading text=\u00a0\u00bbArt dans la Cit\u00e9\u00a0\u00bb font_container=\u00a0\u00bbtag:h2|font_size:64|text_align:left|color:%23ce1f6f|line_height:1&Prime; google_fonts=\u00a0\u00bbfont_family:Josefin%20Slab%3A100%2C100italic%2C300%2C300italic%2Cregular%2Citalic%2C600%2C600italic%2C700%2C700italic|font_style:700%20bold%20regular%3A700%3Anormal\u00a0\u00bb][vc_single_image image=\u00a0\u00bb32406&Prime; img_size=\u00a0\u00bb\u00a0\u00bb][vc_column_text]Convaincue que l\u2019art est b\u00e9n\u00e9fique pour la sant\u00e9, Art dans la Cit\u00e9 propose des \u0153uvres d\u2019art, innovantes et durables pour tous les espaces des \u00e9tablissements de soins.[\/vc_column_text][vc_column_text]Les activit\u00e9s artistiques sont au c\u0153ur de son engagement pour am\u00e9liorer les conditions d\u2019accueil et de s\u00e9jour \u00e0 l\u2019h\u00f4pital.[\/vc_column_text][vc_column_text]En sollicitant les \u00e9motions, la cr\u00e9ativit\u00e9 et la contemplation apportent plus d\u2019humanit\u00e9 et accompagnent harmonieusement le parcours de soins patients\/soignants.[\/vc_column_text][vc_single_image image=\u00a0\u00bb32409&Prime; img_size=\u00a0\u00bb\u00a0\u00bb][\/vc_column_inner][vc_column_inner width=\u00a0\u00bb1\/4&Prime;][\/vc_column_inner][\/vc_row_inner][vc_row_inner css=\u00a0\u00bb.vc_custom_1695300214491{background: rgba(255,255,255,0.59) url(https:\/\/www.artdanslacite.eu\/wp-content\/uploads\/2023\/09\/ILLUMINART-Projection-dans-une-chambre-2-Copyright-Art-dans-la-CiteTrame-en-temps-reel-Copy.jpg?id=32414) !important;background-position: center !important;background-repeat: no-repeat !important;background-size: cover !important;*background-color: rgb(255,255,255) !important;}\u00a0\u00bb][vc_column_inner width=\u00a0\u00bb1\/3&Prime; css=\u00a0\u00bb.vc_custom_1695300166858{background-position: center !important;background-repeat: no-repeat !important;background-size: cover !important;}\u00a0\u00bb offset=\u00a0\u00bbvc_col-xs-12&Prime;][\/vc_column_inner][vc_column_inner width=\u00a0\u00bb2\/3&Prime;][vc_custom_heading text=\u00a0\u00bbIlluminart\u00a0\u00bb font_container=\u00a0\u00bbtag:h2|font_size:64|text_align:left|color:%23ffffff|line_height:1&Prime; google_fonts=\u00a0\u00bbfont_family:Josefin%20Slab%3A100%2C100italic%2C300%2C300italic%2Cregular%2Citalic%2C600%2C600italic%2C700%2C700italic|font_style:700%20bold%20regular%3A700%3Anormal\u00a0\u00bb css=\u00a0\u00bb.vc_custom_1695995429441{margin-top: 100px !important;margin-bottom: 30px !important;}\u00a0\u00bb][vc_single_image image=\u00a0\u00bb32416&Prime; img_size=\u00a0\u00bb\u00a0\u00bb][vc_column_text]<\/p>\n<p style=\"color: #fff; font-size: 24px; line-height: 44px;\">Projeter des oeuvres d\u2019art en grand format au coeur de l\u2019h\u00f4pital.<\/p>\n<p>[\/vc_column_text][vc_btn title=\u00a0\u00bbEn savoir plus\u00a0\u00bb style=\u00a0\u00bbcustom\u00a0\u00bb custom_background=\u00a0\u00bb#ffffff\u00a0\u00bb custom_text=\u00a0\u00bb#ce1f6f\u00a0\u00bb shape=\u00a0\u00bbround\u00a0\u00bb align=\u00a0\u00bbleft\u00a0\u00bb custom_onclick=\u00a0\u00bbtrue\u00a0\u00bb link=\u00a0\u00bburl:https%3A%2F%2Fwww.artdanslacite.eu%2Ffr%2Filluminart%2F|title:Illuminart\u00a0\u00bb css=\u00a0\u00bb.vc_custom_1695829096453{margin-bottom: 100px !important;}\u00a0\u00bb][\/vc_column_inner][\/vc_row_inner][\/vc_column][\/vc_row][vc_row full_height=\u00a0\u00bbyes\u00a0\u00bb columns_placement=\u00a0\u00bbtop\u00a0\u00bb equal_height=\u00a0\u00bbyes\u00a0\u00bb css=\u00a0\u00bb.vc_custom_1695300389318{margin-top: -100px !important;margin-bottom: -260px !important;}\u00a0\u00bb][vc_column width=\u00a0\u00bb4\/12&Prime; css=\u00a0\u00bb.vc_custom_1695645493772{margin-bottom: 50px !important;}\u00a0\u00bb][vc_single_image image=\u00a0\u00bb33109&Prime; img_size=\u00a0\u00bb\u00a0\u00bb alignment=\u00a0\u00bbright\u00a0\u00bb onclick=\u00a0\u00bbcustom_link\u00a0\u00bb link=\u00a0\u00bbhttps:\/\/www.artdanslacite.eu\/fr\/aquarium-virtuel\/\u00a0\u00bb css=\u00a0\u00bb.vc_custom_1695645374084{margin-bottom: 50px !important;}\u00a0\u00bb][vc_custom_heading text=\u00a0\u00bbL\u2019Aquarium Virtuel de Louise Mercadier\u00a0\u00bb font_container=\u00a0\u00bbtag:h3|font_size:24|text_align:right|color:%23ffffff\u00a0\u00bb google_fonts=\u00a0\u00bbfont_family:Josefin%20Slab%3A100%2C100italic%2C300%2C300italic%2Cregular%2Citalic%2C600%2C600italic%2C700%2C700italic|font_style:600%20bold%20regular%3A600%3Anormal\u00a0\u00bb css=\u00a0\u00bb.vc_custom_1693837819199{margin-top: -150px !important;margin-right: 30px !important;padding-left: 80px !important;}\u00a0\u00bb][\/vc_column][vc_column width=\u00a0\u00bb3\/12&Prime; css=\u00a0\u00bb.vc_custom_1695645434222{margin-bottom: 50px !important;}\u00a0\u00bb][vc_single_image image=\u00a0\u00bb33107&Prime; img_size=\u00a0\u00bb\u00a0\u00bb onclick=\u00a0\u00bbcustom_link\u00a0\u00bb link=\u00a0\u00bbhttps:\/\/www.artdanslacite.eu\/fr\/le-planetarium-musical\/\u00a0\u00bb][vc_custom_heading text=\u00a0\u00bbLe Planetarium Musical\u00a0\u00bb font_container=\u00a0\u00bbtag:h3|font_size:24|text_align:right|color:%23ffffff\u00a0\u00bb google_fonts=\u00a0\u00bbfont_family:Josefin%20Slab%3A100%2C100italic%2C300%2C300italic%2Cregular%2Citalic%2C600%2C600italic%2C700%2C700italic|font_style:600%20bold%20regular%3A600%3Anormal\u00a0\u00bb css=\u00a0\u00bb.vc_custom_1695914709211{margin-top: -180px !important;margin-right: 60px !important;margin-bottom: 50px !important;padding-left: 40px !important;}\u00a0\u00bb][\/vc_column][vc_column width=\u00a0\u00bb3\/12&Prime;][vc_single_image image=\u00a0\u00bb33105&Prime; img_size=\u00a0\u00bb\u00a0\u00bb onclick=\u00a0\u00bbcustom_link\u00a0\u00bb link=\u00a0\u00bbhttps:\/\/www.artdanslacite.eu\/fr\/illuminart-museum\/\u00a0\u00bb][vc_custom_heading text=\u00a0\u00bbIlluminart<br \/>\nMuseum\u00a0\u00bb font_container=\u00a0\u00bbtag:h3|font_size:24|text_align:right|color:%23ffffff\u00a0\u00bb google_fonts=\u00a0\u00bbfont_family:Josefin%20Slab%3A100%2C100italic%2C300%2C300italic%2Cregular%2Citalic%2C600%2C600italic%2C700%2C700italic|font_style:600%20bold%20regular%3A600%3Anormal\u00a0\u00bb css=\u00a0\u00bb.vc_custom_1695645813790{margin-top: -150px !important;margin-right: 120px !important;padding-left: 30px !important;}\u00a0\u00bb][\/vc_column][vc_column width=\u00a0\u00bb1\/12&Prime; css=\u00a0\u00bb.vc_custom_1695645730717{margin-bottom: 50px !important;}\u00a0\u00bb][vc_empty_space height=\u00a0\u00bb300px\u00a0\u00bb][\/vc_column][\/vc_row][vc_row full_width=\u00a0\u00bbstretch_row_content\u00a0\u00bb full_height=\u00a0\u00bbyes\u00a0\u00bb equal_height=\u00a0\u00bbyes\u00a0\u00bb content_placement=\u00a0\u00bbtop\u00a0\u00bb][vc_column][vc_row_inner css=\u00a0\u00bb.vc_custom_1695646003923{background: rgba(255,255,255,0.59) url(https:\/\/www.artdanslacite.eu\/wp-content\/uploads\/2023\/09\/Oeuvre-in-situ_une-oeuvre-de-commande-in-situ-est-une-oeuvre-re.jpg?id=33203) !important;background-position: center !important;background-repeat: no-repeat !important;background-size: cover !important;*background-color: rgb(255,255,255) !important;}\u00a0\u00bb][vc_column_inner width=\u00a0\u00bb1\/3&Prime; css=\u00a0\u00bb.vc_custom_1695644685703{background-position: center !important;background-repeat: no-repeat !important;background-size: cover !important;}\u00a0\u00bb offset=\u00a0\u00bbvc_col-xs-12&Prime;][\/vc_column_inner][vc_column_inner width=\u00a0\u00bb2\/3&Prime;][vc_custom_heading text=\u00a0\u00bb\u0152uvres In Situ\u00a0\u00bb font_container=\u00a0\u00bbtag:h2|font_size:64|text_align:left|color:%23000000|line_height:1&Prime; google_fonts=\u00a0\u00bbfont_family:Josefin%20Slab%3A100%2C100italic%2C300%2C300italic%2Cregular%2Citalic%2C600%2C600italic%2C700%2C700italic|font_style:700%20bold%20regular%3A700%3Anormal\u00a0\u00bb css_animation=\u00a0\u00bbnone\u00a0\u00bb css=\u00a0\u00bb.vc_custom_1765204568222{margin-top: 100px !important;}\u00a0\u00bb][vc_single_image image=\u00a0\u00bb32416&Prime; img_size=\u00a0\u00bb250&#215;80&Prime; css=\u00a0\u00bb.vc_custom_1695645084292{margin-bottom: -3% !important;}\u00a0\u00bb][vc_column_text css=\u00a0\u00bb.vc_custom_1695644730522{margin-top: -20px !important;}\u00a0\u00bb]<\/p>\n<p style=\"color: #fff; font-size: 24px; line-height: 44px;\">Les oeuvres de commande \u00e0 l&rsquo;h\u00f4pital<\/p>\n<p>[\/vc_column_text][vc_btn title=\u00a0\u00bbEn savoir plus\u00a0\u00bb style=\u00a0\u00bbcustom\u00a0\u00bb custom_background=\u00a0\u00bb#ffffff\u00a0\u00bb custom_text=\u00a0\u00bb#ce1f6f\u00a0\u00bb shape=\u00a0\u00bbround\u00a0\u00bb align=\u00a0\u00bbleft\u00a0\u00bb link=\u00a0\u00bburl:https%3A%2F%2Fwww.artdanslacite.eu%2Ffr%2Foeuvres-de-commande-in-situ%2F|title:Oeuvres%20de%20commande\u00a0\u00bb css=\u00a0\u00bb.vc_custom_1695829119658{margin-bottom: 150px !important;}\u00a0\u00bb][\/vc_column_inner][\/vc_row_inner][\/vc_column][\/vc_row][vc_row full_height=\u00a0\u00bbyes\u00a0\u00bb columns_placement=\u00a0\u00bbtop\u00a0\u00bb equal_height=\u00a0\u00bbyes\u00a0\u00bb css=\u00a0\u00bb.vc_custom_1695645241066{margin-top: -120px !important;}\u00a0\u00bb][vc_column width=\u00a0\u00bb4\/12&Prime;][vc_single_image image=\u00a0\u00bb32485&Prime; img_size=\u00a0\u00bb\u00a0\u00bb alignment=\u00a0\u00bbright\u00a0\u00bb onclick=\u00a0\u00bbcustom_link\u00a0\u00bb link=\u00a0\u00bbhttps:\/\/www.artdanslacite.eu\/fr\/echappade\/\u00a0\u00bb][vc_custom_heading text=\u00a0\u00bbEchappade\u00a0\u00bb font_container=\u00a0\u00bbtag:h3|font_size:24|text_align:right|color:%23ffffff\u00a0\u00bb google_fonts=\u00a0\u00bbfont_family:Josefin%20Slab%3A100%2C100italic%2C300%2C300italic%2Cregular%2Citalic%2C600%2C600italic%2C700%2C700italic|font_style:600%20bold%20regular%3A600%3Anormal\u00a0\u00bb css=\u00a0\u00bb.vc_custom_1695115795110{margin-top: -130px !important;margin-right: 30px !important;padding-left: 80px !important;}\u00a0\u00bb link=\u00a0\u00bburl:https%3A%2F%2Fwww.artdanslacite.eu%2Ffr%2Fechappade%2F|title:Echappade\u00a0\u00bb][vc_empty_space][\/vc_column][vc_column width=\u00a0\u00bb3\/12&Prime;][vc_single_image image=\u00a0\u00bb33114&Prime; img_size=\u00a0\u00bb\u00a0\u00bb onclick=\u00a0\u00bbcustom_link\u00a0\u00bb link=\u00a0\u00bbhttps:\/\/www.artdanslacite.eu\/fr\/sur-la-plage-de-mon-imaginaire\/\u00a0\u00bb][vc_custom_heading text=\u00a0\u00bbSur la plage de mon imaginaire\u00a0\u00bb font_container=\u00a0\u00bbtag:h3|font_size:24|text_align:right|color:%23ffffff\u00a0\u00bb google_fonts=\u00a0\u00bbfont_family:Josefin%20Slab%3A100%2C100italic%2C300%2C300italic%2Cregular%2Citalic%2C600%2C600italic%2C700%2C700italic|font_style:600%20bold%20regular%3A600%3Anormal\u00a0\u00bb css=\u00a0\u00bb.vc_custom_1695301296830{margin-top: -130px !important;margin-right: 30px !important;margin-bottom: 50px !important;padding-left: 40px !important;}\u00a0\u00bb link=\u00a0\u00bburl:https%3A%2F%2Fwww.artdanslacite.eu%2Ffr%2Fsur-la-plage-de-mon-imaginaire%2F|title:Sur%20la%20plage%20de%20mon%20imaginaire\u00a0\u00bb][\/vc_column][vc_column width=\u00a0\u00bb3\/12&Prime;][vc_single_image image=\u00a0\u00bb33112&Prime; img_size=\u00a0\u00bb\u00a0\u00bb onclick=\u00a0\u00bbcustom_link\u00a0\u00bb link=\u00a0\u00bbhttps:\/\/www.artdanslacite.eu\/fr\/composition-color\/\u00a0\u00bb][vc_custom_heading text=\u00a0\u00bbComposition Color\u00a0\u00bb font_container=\u00a0\u00bbtag:h3|font_size:24|text_align:right|color:%23ffffff\u00a0\u00bb google_fonts=\u00a0\u00bbfont_family:Josefin%20Slab%3A100%2C100italic%2C300%2C300italic%2Cregular%2Citalic%2C600%2C600italic%2C700%2C700italic|font_style:600%20bold%20regular%3A600%3Anormal\u00a0\u00bb css=\u00a0\u00bb.vc_custom_1695301352135{margin-top: -150px !important;margin-right: 80px !important;margin-bottom: 100px !important;padding-left: 30px !important;}\u00a0\u00bb link=\u00a0\u00bburl:https%3A%2F%2Fwww.artdanslacite.eu%2Ffr%2Fcomposition-color%2F|title:Composition%20Color\u00a0\u00bb][\/vc_column][\/vc_row][vc_row full_width=\u00a0\u00bbstretch_row\u00a0\u00bb content_placement=\u00a0\u00bbmiddle\u00a0\u00bb css=\u00a0\u00bb.vc_custom_1695301106877{background-image: url(https:\/\/www.artdanslacite.eu\/wp-content\/uploads\/2023\/09\/faites-un-don-en-ligne.jpg?id=33181) !important;background-position: center !important;background-repeat: no-repeat !important;background-size: cover !important;}\u00a0\u00bb][vc_column width=\u00a0\u00bb3\/6&Prime;][vc_custom_heading text=\u00a0\u00bbFaites un don\u00a0\u00bb font_container=\u00a0\u00bbtag:h2|font_size:64|text_align:left|color:%23ffffff|line_height:1&Prime; google_fonts=\u00a0\u00bbfont_family:Josefin%20Slab%3A100%2C100italic%2C300%2C300italic%2Cregular%2Citalic%2C600%2C600italic%2C700%2C700italic|font_style:700%20bold%20regular%3A700%3Anormal\u00a0\u00bb][vc_single_image image=\u00a0\u00bb32416&Prime; img_size=\u00a0\u00bb210&#215;60&Prime; css=\u00a0\u00bb.vc_custom_1695300725752{margin-top: 20px !important;padding-right: 150px !important;}\u00a0\u00bb][vc_custom_heading text=\u00a0\u00bbpour soutenir\u00a0\u00bb font_container=\u00a0\u00bbtag:h2|font_size:42|text_align:center|color:%23ffffff|line_height:1&Prime; google_fonts=\u00a0\u00bbfont_family:Josefin%20Slab%3A100%2C100italic%2C300%2C300italic%2Cregular%2Citalic%2C600%2C600italic%2C700%2C700italic|font_style:600%20bold%20regular%3A600%3Anormal\u00a0\u00bb][vc_custom_heading text=\u00a0\u00bbArt dans la cit\u00e9\u00a0\u00bb font_container=\u00a0\u00bbtag:h2|font_size:42|text_align:center|color:%23ffffff\u00a0\u00bb google_fonts=\u00a0\u00bbfont_family:Josefin%20Slab%3A100%2C100italic%2C300%2C300italic%2Cregular%2Citalic%2C600%2C600italic%2C700%2C700italic|font_style:600%20bold%20regular%3A600%3Anormal\u00a0\u00bb][\/vc_column][vc_column width=\u00a0\u00bb1\/6&Prime;][\/vc_column][vc_column width=\u00a0\u00bb1\/6&Prime;][vc_btn title=\u00a0\u00bbFaire un don\u00a0\u00bb style=\u00a0\u00bbcustom\u00a0\u00bb custom_background=\u00a0\u00bb#ffffff\u00a0\u00bb custom_text=\u00a0\u00bb#ce1f6f\u00a0\u00bb shape=\u00a0\u00bbround\u00a0\u00bb size=\u00a0\u00bblg\u00a0\u00bb align=\u00a0\u00bbcenter\u00a0\u00bb button_block=\u00a0\u00bbtrue\u00a0\u00bb link=\u00a0\u00bburl:https%3A%2F%2Fwww.artdanslacite.eu%2Ffr%2Ffaire-un-don%2F|title:Faire%20un%20don\u00a0\u00bb][\/vc_column][vc_column width=\u00a0\u00bb1\/6&Prime;][\/vc_column][\/vc_row][vc_row css=\u00a0\u00bb.vc_custom_1694522541380{margin-top: 80px !important;background-image: url(https:\/\/www.artdanslacite.eu\/wp-content\/uploads\/2023\/09\/Illuminart-Museumcontoutr-5.png?id=32519) !important;background-position: 0 0 !important;background-repeat: no-repeat !important;}\u00a0\u00bb][vc_column][vc_custom_heading text=\u00a0\u00bbActualit\u00e9s\u00a0\u00bb font_container=\u00a0\u00bbtag:h2|font_size:64|text_align:left|color:%23ce1f6f\u00a0\u00bb google_fonts=\u00a0\u00bbfont_family:Josefin%20Slab%3A100%2C100italic%2C300%2C300italic%2Cregular%2Citalic%2C600%2C600italic%2C700%2C700italic|font_style:700%20bold%20regular%3A700%3Anormal\u00a0\u00bb][vc_single_image image=\u00a0\u00bb32406&Prime; img_size=\u00a0\u00bb\u00a0\u00bb css=\u00a0\u00bb.vc_custom_1693917848736{margin-top: 30px !important;margin-left: 10px !important;}\u00a0\u00bb][vc_basic_grid post_type=\u00a0\u00bbpost\u00a0\u00bb max_items=\u00a0\u00bb3&Prime; gap=\u00a0\u00bb20&Prime; item=\u00a0\u00bb32524&Prime; initial_loading_animation=\u00a0\u00bbnone\u00a0\u00bb grid_id=\u00a0\u00bbvc_gid:1765203621992-86126884797ec8fe135cf8eabfee617c-1&Prime; taxonomies=\u00a0\u00bb47&Prime;][\/vc_column][\/vc_row][vc_row][vc_column][\/vc_column][\/vc_row]<\/p>\n<\/section>","protected":false},"excerpt":{"rendered":"<p>[vc_row full_width=\u00a0\u00bbstretch_row_content\u00a0\u00bb][vc_column][vc_row_inner content_placement=\u00a0\u00bbmiddle\u00a0\u00bb css=\u00a0\u00bb.vc_custom_1695298046379{background-image: url(https:\/\/www.artdanslacite.eu\/wp-content\/uploads\/2023\/09\/Page-accueil_Psentation_ADLC_.jpg?id=33102) !important;background-position: 0 0 !important;background-repeat: no-repeat !important;}\u00a0\u00bb][vc_column_inner width=\u00a0\u00bb1\/12&Prime;][\/vc_column_inner][vc_column_inner width=\u00a0\u00bb1\/2&Prime; offset=\u00a0\u00bbvc_col-xs-4\/5&Prime;][vc_custom_heading text=\u00a0\u00bbArt dans la Cit\u00e9\u00a0\u00bb font_container=\u00a0\u00bbtag:h2|font_size:64|text_align:left|color:%23ce1f6f|line_height:1&Prime; google_fonts=\u00a0\u00bbfont_family:Josefin%20Slab%3A100%2C100italic%2C300%2C300italic%2Cregular%2Citalic%2C600%2C600italic%2C700%2C700italic|font_style:700%20bold%20regular%3A700%3Anormal\u00a0\u00bb][vc_single_image image=\u00a0\u00bb32406&Prime; img_size=\u00a0\u00bb\u00a0\u00bb][vc_column_text]Convaincue que l\u2019art est b\u00e9n\u00e9fique pour la sant\u00e9, Art dans la Cit\u00e9 propose des \u0153uvres d\u2019art, innovantes et durables<span class=\"excerpt-hellip\"> [\u2026]<\/span><\/p>\n","protected":false},"author":10,"featured_media":0,"parent":0,"menu_order":0,"comment_status":"closed","ping_status":"closed","template":"","meta":{"footnotes":""},"class_list":["post-32395","page","type-page","status-publish","hentry"],"_links":{"self":[{"href":"https:\/\/www.artdanslacite.eu\/fr\/wp-json\/wp\/v2\/pages\/32395","targetHints":{"allow":["GET"]}}],"collection":[{"href":"https:\/\/www.artdanslacite.eu\/fr\/wp-json\/wp\/v2\/pages"}],"about":[{"href":"https:\/\/www.artdanslacite.eu\/fr\/wp-json\/wp\/v2\/types\/page"}],"author":[{"embeddable":true,"href":"https:\/\/www.artdanslacite.eu\/fr\/wp-json\/wp\/v2\/users\/10"}],"replies":[{"embeddable":true,"href":"https:\/\/www.artdanslacite.eu\/fr\/wp-json\/wp\/v2\/comments?post=32395"}],"version-history":[{"count":3,"href":"https:\/\/www.artdanslacite.eu\/fr\/wp-json\/wp\/v2\/pages\/32395\/revisions"}],"predecessor-version":[{"id":33969,"href":"https:\/\/www.artdanslacite.eu\/fr\/wp-json\/wp\/v2\/pages\/32395\/revisions\/33969"}],"wp:attachment":[{"href":"https:\/\/www.artdanslacite.eu\/fr\/wp-json\/wp\/v2\/media?parent=32395"}],"curies":[{"name":"wp","href":"https:\/\/api.w.org\/{rel}","templated":true}]}}