{"id":28600,"date":"2018-05-03T11:30:12","date_gmt":"2018-05-03T09:30:12","guid":{"rendered":"https:\/\/www.artdanslacite.eu\/?page_id=28600"},"modified":"2021-04-14T11:48:07","modified_gmt":"2021-04-14T09:48:07","slug":"presse","status":"publish","type":"page","link":"https:\/\/www.artdanslacite.eu\/fr\/presse\/","title":{"rendered":"Presse"},"content":{"rendered":"<section class=\"wpb-content-wrapper\"><p>[vc_row][vc_column width=\u00a0\u00bb2\/6&Prime;][vc_single_image image=\u00a0\u00bb31177&Prime;][\/vc_column][vc_column width=\u00a0\u00bb3\/6&Prime;][vc_custom_heading text=\u00a0\u00bbCGOS 24 juin 2020&Prime; font_container=\u00a0\u00bbtag:h5|text_align:left|color:%23dd3333&Prime; google_fonts=\u00a0\u00bbfont_family:Cabin%3Aregular%2Citalic%2C500%2C500italic%2C600%2C600italic%2C700%2C700italic|font_style:400%20regular%3A400%3Anormal\u00a0\u00bb link=\u00a0\u00bburl:https%3A%2F%2Fmag.cgos.info%2Fma-vie-pro%2Finitiatives%2Farticle-138-lart-numerique-pour-un-mieux-etre-a-lhopital|||\u00a0\u00bb][vc_custom_heading text=\u00a0\u00bbL&rsquo;art num\u00e9rique pour un mieux-\u00eatre \u00e0 l&rsquo;h\u00f4pital\u00a0\u00bb google_fonts=\u00a0\u00bbfont_family:Cabin%3Aregular%2Citalic%2C500%2C500italic%2C600%2C600italic%2C700%2C700italic|font_style:400%20regular%3A400%3Anormal\u00a0\u00bb link=\u00a0\u00bburl:https%3A%2F%2Fmag.cgos.info%2Fma-vie-pro%2Finitiatives%2Farticle-138-lart-numerique-pour-un-mieux-etre-a-lhopital|||\u00a0\u00bb][vc_btn title=\u00a0\u00bbLire plus\u00a0\u00bb link=\u00a0\u00bburl:https%3A%2F%2Fwww.artdanslacite.eu%2Fwp-content%2Fuploads%2F2021%2F04%2FCGOS-MAG-24-JUIN-2020.pdf\u00a0\u00bb][\/vc_column][vc_column width=\u00a0\u00bb1\/6&Prime;][\/vc_column][\/vc_row][vc_row][vc_column width=\u00a0\u00bb2\/6&Prime;][vc_single_image image=\u00a0\u00bb31173&Prime;][\/vc_column][vc_column width=\u00a0\u00bb3\/6&Prime;][vc_custom_heading text=\u00a0\u00bbCarenews 2juin 2020&Prime; font_container=\u00a0\u00bbtag:h5|text_align:left|color:%23dd3333&Prime; google_fonts=\u00a0\u00bbfont_family:Cabin%3Aregular%2Citalic%2C500%2C500italic%2C600%2C600italic%2C700%2C700italic|font_style:400%20regular%3A400%3Anormal\u00a0\u00bb link=\u00a0\u00bburl:https%3A%2F%2Fwww.carenews.com%2Ffr%2Fnews%2Fl-art-au-chevet-des-patients-dans-les-hopitaux|||\u00a0\u00bb][vc_custom_heading text=\u00a0\u00bbLes pouvoirs de la contemplation artistique\u00a0\u00bb google_fonts=\u00a0\u00bbfont_family:Cabin%3Aregular%2Citalic%2C500%2C500italic%2C600%2C600italic%2C700%2C700italic|font_style:400%20regular%3A400%3Anormal\u00a0\u00bb link=\u00a0\u00bburl:https%3A%2F%2Fwww.carenews.com%2Ffr%2Fnews%2Fl-art-au-chevet-des-patients-dans-les-hopitaux|||\u00a0\u00bb][vc_btn title=\u00a0\u00bbLire plus\u00a0\u00bb link=\u00a0\u00bburl:https%3A%2F%2Fwww.carenews.com%2Ffr%2Fnews%2Fl-art-au-chevet-des-patients-dans-les-hopitaux|||\u00a0\u00bb][\/vc_column][vc_column width=\u00a0\u00bb1\/6&Prime;][\/vc_column][\/vc_row][vc_row][vc_column width=\u00a0\u00bb2\/6&Prime;][vc_single_image image=\u00a0\u00bb30469&Prime;][\/vc_column][vc_column width=\u00a0\u00bb3\/6&Prime;][vc_custom_heading text=\u00a0\u00bbMademoiselle Bon Plan<br \/>\n5 octobre 2018&Prime; font_container=\u00a0\u00bbtag:h5|text_align:left|color:%23dd3333&Prime; google_fonts=\u00a0\u00bbfont_family:Cabin%3Aregular%2Citalic%2C500%2C500italic%2C600%2C600italic%2C700%2C700italic|font_style:400%20regular%3A400%3Anormal\u00a0\u00bb link=\u00a0\u00bburl:https%3A%2F%2Fmademoisellebonplan.fr%2F2018%2F10%2F06%2Fma-nuit-blanche-2018%2F|||\u00a0\u00bb][vc_custom_heading text=\u00a0\u00bbMa Nuit Blanche 2018&Prime; google_fonts=\u00a0\u00bbfont_family:Cabin%3Aregular%2Citalic%2C500%2C500italic%2C600%2C600italic%2C700%2C700italic|font_style:400%20regular%3A400%3Anormal\u00a0\u00bb link=\u00a0\u00bburl:https%3A%2F%2Fmademoisellebonplan.fr%2F2018%2F10%2F06%2Fma-nuit-blanche-2018%2F|||\u00a0\u00bb][vc_btn title=\u00a0\u00bbLire plus\u00a0\u00bb link=\u00a0\u00bburl:https%3A%2F%2Fmademoisellebonplan.fr%2F2018%2F10%2F06%2Fma-nuit-blanche-2018%2F|||\u00a0\u00bb][\/vc_column][vc_column width=\u00a0\u00bb1\/6&Prime;][\/vc_column][\/vc_row][vc_row][vc_column width=\u00a0\u00bb2\/6&Prime;][vc_single_image image=\u00a0\u00bb30469&Prime;][\/vc_column][vc_column width=\u00a0\u00bb3\/6&Prime;][vc_custom_heading text=\u00a0\u00bbG\u00e9roscopie. com 1 octobre 2018&Prime; font_container=\u00a0\u00bbtag:h5|text_align:left|color:%23dd3333&Prime; use_theme_fonts=\u00a0\u00bbyes\u00a0\u00bb link=\u00a0\u00bburl:https%3A%2F%2Fwww.geroscopie.fr%2Filluminart-propose-des-balades-multi-sensorielles-a-l-occasion-de-nuit-blanche_679A53893F70AD6E.html|||\u00a0\u00bb][vc_custom_heading text=\u00a0\u00bbILLUMINART propose des balades multi-sensorielles, \u00e0 l&rsquo;occasion de Nuit Blanche\u00a0\u00bb google_fonts=\u00a0\u00bbfont_family:Cabin%3Aregular%2Citalic%2C500%2C500italic%2C600%2C600italic%2C700%2C700italic|font_style:400%20regular%3A400%3Anormal\u00a0\u00bb link=\u00a0\u00bburl:https%3A%2F%2Fwww.geroscopie.fr%2Filluminart-propose-des-balades-multi-sensorielles-a-l-occasion-de-nuit-blanche_679A53893F70AD6E.html|title:ILLUMINART%20propose%20des%20balades%20multi-sensorielles%2C%20%C3%A0%20l&rsquo;occasion%20de%20Nuit%20Blanche||\u00a0\u00bb][vc_btn title=\u00a0\u00bbLire plus\u00a0\u00bb link=\u00a0\u00bburl:https%3A%2F%2Fwww.geroscopie.fr%2Filluminart-propose-des-balades-multi-sensorielles-a-l-occasion-de-nuit-blanche_679A53893F70AD6E.html|||\u00a0\u00bb][\/vc_column][vc_column width=\u00a0\u00bb1\/6&Prime;][\/vc_column][\/vc_row][vc_row][vc_column width=\u00a0\u00bb2\/6&Prime;][vc_single_image image=\u00a0\u00bb30476&Prime;][\/vc_column][vc_column width=\u00a0\u00bb3\/6&Prime;][vc_custom_heading text=\u00a0\u00bbIndustrie mag.com 24 septembre 2018&Prime; font_container=\u00a0\u00bbtag:h5|text_align:left|color:%23dd3333&Prime; use_theme_fonts=\u00a0\u00bbyes\u00a0\u00bb link=\u00a0\u00bburl:http%3A%2F%2Fwww.industrie-mag.com%2Farticle18347.html|||\u00a0\u00bb][vc_custom_heading text=\u00a0\u00bbCompte rendu du point presse \u00e0 H\u00f4pital Trousseau : Projet Illuminart\u00a0\u00bb google_fonts=\u00a0\u00bbfont_family:Cabin%3Aregular%2Citalic%2C500%2C500italic%2C600%2C600italic%2C700%2C700italic|font_style:400%20regular%3A400%3Anormal\u00a0\u00bb link=\u00a0\u00bburl:http%3A%2F%2Fwww.industrie-mag.com%2Farticle18347.html|title:Compte%20rendu%20du%20point%20presse%20%C3%A0%20H%C3%B4pital%20Trousseau%20%3A%20Projet%20Illuminart||\u00a0\u00bb][vc_btn title=\u00a0\u00bbLire plus\u00a0\u00bb link=\u00a0\u00bburl:http%3A%2F%2Fwww.industrie-mag.com%2Farticle18347.html|||\u00a0\u00bb][\/vc_column][vc_column width=\u00a0\u00bb1\/6&Prime;][\/vc_column][\/vc_row][vc_row][vc_column width=\u00a0\u00bb2\/6&Prime;][vc_single_image image=\u00a0\u00bb30476&Prime;][\/vc_column][vc_column width=\u00a0\u00bb3\/6&Prime;][vc_custom_heading text=\u00a0\u00bbTecHopital 21 septembre 2018&Prime; font_container=\u00a0\u00bbtag:h5|text_align:left|color:%23dd3333&Prime; use_theme_fonts=\u00a0\u00bbyes\u00a0\u00bb link=\u00a0\u00bburl:https%3A%2F%2Fwww.techopital.com%2Fstory.php%3Fstory%3D3771|||\u00a0\u00bb][vc_custom_heading text=\u00a0\u00bb\u00ab\u00a0Illuminart &amp; les ballades multi-sensorielles\u00ab\u00a0: le programme d&rsquo;art visuel num\u00e9rique entre \u00e0 l\u2019h\u00f4pital\u00a0\u00bb google_fonts=\u00a0\u00bbfont_family:Cabin%3Aregular%2Citalic%2C500%2C500italic%2C600%2C600italic%2C700%2C700italic|font_style:400%20regular%3A400%3Anormal\u00a0\u00bb link=\u00a0\u00bburl:https%3A%2F%2Fwww.techopital.com%2Fstory.php%3Fstory%3D3771|title:%22Illuminart%20%26%20les%20ballades%20multi-sensorielles%22%3A%20le%20programme%20d&rsquo;art%20visuel%20num%C3%A9rique%20entre%20%C3%A0%20l%E2%80%99h%C3%B4pital||\u00a0\u00bb][vc_btn title=\u00a0\u00bbLire plus\u00a0\u00bb link=\u00a0\u00bburl:https%3A%2F%2Fwww.techopital.com%2Fstory.php%3Fstory%3D3771|||\u00a0\u00bb][\/vc_column][vc_column width=\u00a0\u00bb1\/6&Prime;][\/vc_column][\/vc_row][vc_row][vc_column width=\u00a0\u00bb2\/6&Prime;][vc_single_image image=\u00a0\u00bb30376&Prime; img_size=\u00a0\u00bbfull\u00a0\u00bb][\/vc_column][vc_column width=\u00a0\u00bb3\/6&Prime;][vc_custom_heading text=\u00a0\u00bbArt dans la Cit\u00e9, humanisation des espaces\u00a0\u00bb font_container=\u00a0\u00bbtag:h3|text_align:left\u00a0\u00bb use_theme_fonts=\u00a0\u00bbyes\u00a0\u00bb][vc_custom_heading text=\u00a0\u00bbHospimedia 29 mai 18&Prime; font_container=\u00a0\u00bbtag:h5|text_align:left|color:%23dd3333&Prime; use_theme_fonts=\u00a0\u00bbyes\u00a0\u00bb][vc_btn title=\u00a0\u00bbLire plus\u00a0\u00bb style=\u00a0\u00bb3d\u00a0\u00bb color=\u00a0\u00bbdefault\u00a0\u00bb link=\u00a0\u00bburl:https%3A%2F%2Fwww.artdanslacite.eu%2Fwp-content%2Fuploads%2F2018%2F06%2FParis-Healthcare-Week-2018-%E2%80%94-Humanisation-des-espaces-formation-de&#8230;-HOSPIMEDIA14208.pdf||target:%20_blank|\u00a0\u00bb][\/vc_column][vc_column width=\u00a0\u00bb1\/6&Prime;][\/vc_column][\/vc_row][vc_row][vc_column width=\u00a0\u00bb2\/6&Prime;][vc_single_image image=\u00a0\u00bb29029&Prime; img_size=\u00a0\u00bbfull\u00a0\u00bb][\/vc_column][vc_column width=\u00a0\u00bb3\/6&Prime;][vc_custom_heading text=\u00a0\u00bbILLUMINART EGAYE LES MURS DE L\u2019HOPITAL DE BONIFACIO\u00a0\u00bb font_container=\u00a0\u00bbtag:h3|text_align:left\u00a0\u00bb use_theme_fonts=\u00a0\u00bbyes\u00a0\u00bb][vc_custom_heading text=\u00a0\u00bbCorse Matin 19 juillet 2017&Prime; font_container=\u00a0\u00bbtag:h5|text_align:left|color:%23dd3333&Prime; use_theme_fonts=\u00a0\u00bbyes\u00a0\u00bb][vc_btn title=\u00a0\u00bbLire plus\u00a0\u00bb style=\u00a0\u00bb3d\u00a0\u00bb color=\u00a0\u00bbdefault\u00a0\u00bb link=\u00a0\u00bburl:https%3A%2F%2Fwww.corsematin.com%2Farticle%2Farticle%2Filluminart-egaye-les-murs-de-lhopital-de-bonifacio%20||target:%20_blank|\u00a0\u00bb][\/vc_column][vc_column width=\u00a0\u00bb1\/6&Prime;][\/vc_column][\/vc_row][vc_row][vc_column width=\u00a0\u00bb2\/6&Prime;][vc_single_image image=\u00a0\u00bb29027&Prime; img_size=\u00a0\u00bbfull\u00a0\u00bb][\/vc_column][vc_column width=\u00a0\u00bb3\/6&Prime;][vc_custom_heading text=\u00a0\u00bbL&rsquo;h\u00f4pital de Bonifacio et \u00ab\u00a0Art dans la Cit\u00e9\u00ab\u00a0 s&rsquo;allient pour une \u0153uvre num\u00e9rique \u00ab\u00a0Illuminart et l&rsquo;Aquarium num\u00e9rique\u00ab\u00a0\u00a0\u00bb font_container=\u00a0\u00bbtag:h3|text_align:left\u00a0\u00bb use_theme_fonts=\u00a0\u00bbyes\u00a0\u00bb][vc_custom_heading text=\u00a0\u00bbCORSE NET INFO 2 JUILLET 2017&Prime; font_container=\u00a0\u00bbtag:h5|text_align:left|color:%23dd3333&Prime; use_theme_fonts=\u00a0\u00bbyes\u00a0\u00bb][vc_btn title=\u00a0\u00bbLire plus\u00a0\u00bb style=\u00a0\u00bb3d\u00a0\u00bb color=\u00a0\u00bbdefault\u00a0\u00bb link=\u00a0\u00bburl:https%3A%2F%2Fwww.corsenetinfos.corsica%2FBonifacio-L-hopital-et-Art-dans-la-Cite-s-allient-pour-une-oeuvre-numerique-Illuminart-et-l-Aquarium-numerique_a28163.html%20||target:%20_blank|\u00a0\u00bb][\/vc_column][vc_column width=\u00a0\u00bb1\/6&Prime;][\/vc_column][\/vc_row][vc_row][vc_column width=\u00a0\u00bb2\/6&Prime;][vc_single_image image=\u00a0\u00bb29037&Prime; img_size=\u00a0\u00bbfull\u00a0\u00bb][\/vc_column][vc_column width=\u00a0\u00bb3\/6&Prime;][vc_custom_heading text=\u00a0\u00bbQuand la chambre d&rsquo;h\u00f4pital devient un tableau vivant\u00a0\u00bb font_container=\u00a0\u00bbtag:h3|text_align:left\u00a0\u00bb use_theme_fonts=\u00a0\u00bbyes\u00a0\u00bb][vc_custom_heading text=\u00a0\u00bbLe Parisien &gt; Paris| 02 d\u00e9cembre 2014&Prime; font_container=\u00a0\u00bbtag:h5|text_align:left|color:%23dd3333&Prime; use_theme_fonts=\u00a0\u00bbyes\u00a0\u00bb][vc_btn title=\u00a0\u00bbLire plus\u00a0\u00bb style=\u00a0\u00bb3d\u00a0\u00bb color=\u00a0\u00bbdefault\u00a0\u00bb link=\u00a0\u00bburl:http%3A%2F%2Fwww.leparisien.fr%2Fespace-premium%2Fparis-75%2Fquand-la-chambre-d-hopital-devient-un-tableau-vivant-02-12-2014-4338961.php%20||target:%20_blank|\u00a0\u00bb][\/vc_column][vc_column width=\u00a0\u00bb1\/6&Prime;][\/vc_column][\/vc_row][vc_row][vc_column width=\u00a0\u00bb2\/6&Prime;][vc_single_image image=\u00a0\u00bb29028&Prime; img_size=\u00a0\u00bbfull\u00a0\u00bb][\/vc_column][vc_column width=\u00a0\u00bb3\/6&Prime;][vc_custom_heading text=\u00a0\u00bbQuand le num\u00e9rique favorise le bien \u00eatre \u00e0 l\u2019h\u00f4pital\u00a0\u00bb font_container=\u00a0\u00bbtag:h3|text_align:left\u00a0\u00bb use_theme_fonts=\u00a0\u00bbyes\u00a0\u00bb][vc_custom_heading text=\u00a0\u00bbECONOCOM 20 Ao\u00fbt 2014&Prime; font_container=\u00a0\u00bbtag:h5|text_align:left|color:%23dd3333&Prime; use_theme_fonts=\u00a0\u00bbyes\u00a0\u00bb][vc_btn title=\u00a0\u00bbLire plus\u00a0\u00bb style=\u00a0\u00bb3d\u00a0\u00bb color=\u00a0\u00bbdefault\u00a0\u00bb link=\u00a0\u00bburl:https%3A%2F%2Fwww.digitalforallnow.com%2Frachel-even-numerique-hopital-digital-for-all-now%2F%20||target:%20_blank|\u00a0\u00bb][\/vc_column][vc_column width=\u00a0\u00bb1\/6&Prime;][\/vc_column][\/vc_row][vc_row][vc_column width=\u00a0\u00bb2\/6&Prime;][vc_single_image image=\u00a0\u00bb29026&Prime; img_size=\u00a0\u00bbfull\u00a0\u00bb][\/vc_column][vc_column width=\u00a0\u00bb3\/6&Prime;][vc_custom_heading text=\u00a0\u00bbTableaux tactiles interactifs, une \u0153uvre num\u00e9rique en chirurgie infantile\u00a0\u00bb font_container=\u00a0\u00bbtag:h3|text_align:left\u00a0\u00bb use_theme_fonts=\u00a0\u00bbyes\u00a0\u00bb][vc_custom_heading text=\u00a0\u00bbCHU de Nantes 9 Janvier 2014&Prime; font_container=\u00a0\u00bbtag:h5|text_align:left|color:%23dd3333&Prime; use_theme_fonts=\u00a0\u00bbyes\u00a0\u00bb][vc_btn title=\u00a0\u00bbLire plus\u00a0\u00bb style=\u00a0\u00bb3d\u00a0\u00bb color=\u00a0\u00bbdefault\u00a0\u00bb link=\u00a0\u00bburl:https%3A%2F%2Fwww.chu-nantes.fr%2Ftableaux-tactiles-interactifs-une-uvre-numerique-en-chirurgie-infantile-46889.kjsp%20||target:%20_blank|\u00a0\u00bb][\/vc_column][vc_column width=\u00a0\u00bb1\/6&Prime;][\/vc_column][\/vc_row][vc_row][vc_column width=\u00a0\u00bb2\/6&Prime;][vc_single_image image=\u00a0\u00bb29025&Prime; img_size=\u00a0\u00bbfull\u00a0\u00bb][\/vc_column][vc_column width=\u00a0\u00bb3\/6&Prime;][vc_custom_heading text=\u00a0\u00bbArt \u00e0 l\u2019h\u00f4pital, Rachel Even, la culture fait partie int\u00e9grante des soins\u00a0\u00bb font_container=\u00a0\u00bbtag:h3|text_align:left\u00a0\u00bb use_theme_fonts=\u00a0\u00bbyes\u00a0\u00bb][vc_custom_heading text=\u00a0\u00bbARCHITECTURE HOSPITALIERE 17 d\u00e9cembre 2012&Prime; font_container=\u00a0\u00bbtag:h5|text_align:left|color:%23dd3333&Prime; use_theme_fonts=\u00a0\u00bbyes\u00a0\u00bb][vc_btn title=\u00a0\u00bbLire plus\u00a0\u00bb style=\u00a0\u00bb3d\u00a0\u00bb color=\u00a0\u00bbdefault\u00a0\u00bb link=\u00a0\u00bburl:http%3A%2F%2Fwww.architecture-hospitaliere.fr%2Fblog%2F2012%2F12%2F17%2Flart-a-lhopital-rachel-even-la-culture-fait-partie-integrante-des-soins%2F%20||target:%20_blank|\u00a0\u00bb][\/vc_column][vc_column width=\u00a0\u00bb1\/6&Prime;][\/vc_column][\/vc_row]<\/p>\n<\/section>","protected":false},"excerpt":{"rendered":"<p>[vc_row][vc_column width=\u00a0\u00bb2\/6&Prime;][vc_single_image image=\u00a0\u00bb31177&Prime;][\/vc_column][vc_column width=\u00a0\u00bb3\/6&Prime;][vc_custom_heading text=\u00a0\u00bbCGOS 24 juin 2020&Prime; font_container=\u00a0\u00bbtag:h5|text_align:left|color:%23dd3333&Prime; google_fonts=\u00a0\u00bbfont_family:Cabin%3Aregular%2Citalic%2C500%2C500italic%2C600%2C600italic%2C700%2C700italic|font_style:400%20regular%3A400%3Anormal\u00a0\u00bb link=\u00a0\u00bburl:https%3A%2F%2Fmag.cgos.info%2Fma-vie-pro%2Finitiatives%2Farticle-138-lart-numerique-pour-un-mieux-etre-a-lhopital|||\u00a0\u00bb][vc_custom_heading text=\u00a0\u00bbL&rsquo;art num\u00e9rique pour un mieux-\u00eatre \u00e0 l&rsquo;h\u00f4pital\u00a0\u00bb google_fonts=\u00a0\u00bbfont_family:Cabin%3Aregular%2Citalic%2C500%2C500italic%2C600%2C600italic%2C700%2C700italic|font_style:400%20regular%3A400%3Anormal\u00a0\u00bb link=\u00a0\u00bburl:https%3A%2F%2Fmag.cgos.info%2Fma-vie-pro%2Finitiatives%2Farticle-138-lart-numerique-pour-un-mieux-etre-a-lhopital|||\u00a0\u00bb][vc_btn title=\u00a0\u00bbLire plus\u00a0\u00bb link=\u00a0\u00bburl:https%3A%2F%2Fwww.artdanslacite.eu%2Fwp-content%2Fuploads%2F2021%2F04%2FCGOS-MAG-24-JUIN-2020.pdf\u00a0\u00bb][\/vc_column][vc_column width=\u00a0\u00bb1\/6&Prime;][\/vc_column][\/vc_row][vc_row][vc_column width=\u00a0\u00bb2\/6&Prime;][vc_single_image image=\u00a0\u00bb31173&Prime;][\/vc_column][vc_column width=\u00a0\u00bb3\/6&Prime;][vc_custom_heading text=\u00a0\u00bbCarenews 2juin 2020&Prime; font_container=\u00a0\u00bbtag:h5|text_align:left|color:%23dd3333&Prime; google_fonts=\u00a0\u00bbfont_family:Cabin%3Aregular%2Citalic%2C500%2C500italic%2C600%2C600italic%2C700%2C700italic|font_style:400%20regular%3A400%3Anormal\u00a0\u00bb link=\u00a0\u00bburl:https%3A%2F%2Fwww.carenews.com%2Ffr%2Fnews%2Fl-art-au-chevet-des-patients-dans-les-hopitaux|||\u00a0\u00bb][vc_custom_heading text=\u00a0\u00bbLes pouvoirs de la contemplation artistique\u00a0\u00bb google_fonts=\u00a0\u00bbfont_family:Cabin%3Aregular%2Citalic%2C500%2C500italic%2C600%2C600italic%2C700%2C700italic|font_style:400%20regular%3A400%3Anormal\u00a0\u00bb<span class=\"excerpt-hellip\"> [\u2026]<\/span><\/p>\n","protected":false},"author":1,"featured_media":0,"parent":0,"menu_order":0,"comment_status":"closed","ping_status":"open","template":"","meta":{"footnotes":""},"class_list":["post-28600","page","type-page","status-publish","hentry"],"_links":{"self":[{"href":"https:\/\/www.artdanslacite.eu\/fr\/wp-json\/wp\/v2\/pages\/28600","targetHints":{"allow":["GET"]}}],"collection":[{"href":"https:\/\/www.artdanslacite.eu\/fr\/wp-json\/wp\/v2\/pages"}],"about":[{"href":"https:\/\/www.artdanslacite.eu\/fr\/wp-json\/wp\/v2\/types\/page"}],"author":[{"embeddable":true,"href":"https:\/\/www.artdanslacite.eu\/fr\/wp-json\/wp\/v2\/users\/1"}],"replies":[{"embeddable":true,"href":"https:\/\/www.artdanslacite.eu\/fr\/wp-json\/wp\/v2\/comments?post=28600"}],"version-history":[{"count":3,"href":"https:\/\/www.artdanslacite.eu\/fr\/wp-json\/wp\/v2\/pages\/28600\/revisions"}],"predecessor-version":[{"id":31274,"href":"https:\/\/www.artdanslacite.eu\/fr\/wp-json\/wp\/v2\/pages\/28600\/revisions\/31274"}],"wp:attachment":[{"href":"https:\/\/www.artdanslacite.eu\/fr\/wp-json\/wp\/v2\/media?parent=28600"}],"curies":[{"name":"wp","href":"https:\/\/api.w.org\/{rel}","templated":true}]}}